{"id":997,"date":"2021-07-10T18:43:36","date_gmt":"2021-07-10T18:43:36","guid":{"rendered":"https:\/\/canalexandre.com\/doppelzimmer-mit-terrasse\/"},"modified":"2024-11-20T09:29:12","modified_gmt":"2024-11-20T09:29:12","slug":"doppelzimmer-mit-terrasse","status":"publish","type":"page","link":"https:\/\/canalexandre.com\/de\/zimmer\/doppelzimmer-mit-terrasse\/","title":{"rendered":"Doppelzimmer mit Terrasse"},"content":{"rendered":"<p>[et_pb_section fb_built=&#8220;1&#8243; fullwidth=&#8220;on&#8220; _builder_version=&#8220;4.6.3&#8243; _module_preset=&#8220;default&#8220; collapsed=&#8220;off&#8220; global_colors_info=&#8220;{}&#8220;][et_pb_fullwidth_slider show_pagination=&#8220;off&#8220; show_content_on_mobile=&#8220;off&#8220; _builder_version=&#8220;4.9.11&#8243; _module_preset=&#8220;default&#8220; header_font=&#8220;|700||on|||||&#8220; header_font_size=&#8220;40px&#8220; header_line_height=&#8220;40px&#8220; body_font_size=&#8220;18px&#8220; body_line_height=&#8220;1.9em&#8220; custom_button=&#8220;on&#8220; button_text_size=&#8220;16px&#8220; button_text_color=&#8220;#ffffff&#8220; button_bg_color=&#8220;#0f004e&#8220; button_border_width=&#8220;0px&#8220; button_border_radius=&#8220;100px&#8220; text_orientation=&#8220;left&#8220; content_width=&#8220;100%&#8220; height=&#8220;94vh&#8220; custom_padding=&#8220;|50%|||false|false&#8220; custom_padding_tablet=&#8220;|0px||0px|false|true&#8220; custom_padding_phone=&#8220;&#8220; custom_padding_last_edited=&#8220;on|tablet&#8220; hover_transition_duration=&#8220;150ms&#8220; hover_transition_delay=&#8220;50ms&#8220; hover_transition_speed_curve=&#8220;linear&#8220; hover_enabled=&#8220;0&#8243; button_alignment_tablet=&#8220;center&#8220; button_alignment_phone=&#8220;&#8220; button_alignment_last_edited=&#8220;on|tablet&#8220; text_orientation_tablet=&#8220;center&#8220; text_orientation_last_edited=&#8220;off|tablet&#8220; global_colors_info=&#8220;{}&#8220; sticky_enabled=&#8220;0&#8243;][et_pb_slide heading=&#8220;Doppelzimmer mit Terrasse&#8220; button_text=&#8220;Mehr sehen&#8220; button_link=&#8220;#hotel&#8220; _builder_version=&#8220;4.9.11&#8243; _module_preset=&#8220;default&#8220; header_font=&#8220;Josefin Sans||||||||&#8220; header_font_size=&#8220;40px&#8220; header_line_height=&#8220;40px&#8220; background_enable_color=&#8220;off&#8220; background_image=&#8220;https:\/\/canalexandre.com\/wp-content\/uploads\/2021\/06\/habitacion-doble-con-terraza-canalexandre-palma-de-mallorca-2.jpg&#8220; background_enable_image=&#8220;on&#8220; text_orientation=&#8220;left&#8220; hover_enabled=&#8220;0&#8243; header_font_size_tablet=&#8220;30px&#8220; header_font_size_phone=&#8220;&#8220; header_font_size_last_edited=&#8220;on|tablet&#8220; header_line_height_tablet=&#8220;30px&#8220; header_line_height_phone=&#8220;&#8220; header_line_height_last_edited=&#8220;on|tablet&#8220; text_orientation_tablet=&#8220;center&#8220; text_orientation_phone=&#8220;&#8220; text_orientation_last_edited=&#8220;on|tablet&#8220; global_colors_info=&#8220;{}&#8220; sticky_transition=&#8220;on&#8220; sticky_enabled=&#8220;0&#8243;]<\/p>\n<div class=\"et_pb_module et_pb_text et_pb_text_1 et_pb_text_align_left et_pb_bg_layout_dark et_had_animation\">\n<div class=\"et_pb_text_inner\">\n<p>Die Doppelzimmer mit Terrasse des Ca n\u2019Alexandre Unterkunft bieten Ihnen einen ganz besonderen Paaraufenthalt in der Altstadt.<\/p>\n<\/div>\n<\/div>\n<p>[\/et_pb_slide][\/et_pb_fullwidth_slider][\/et_pb_section][et_pb_section fb_built=&#8220;1&#8243; admin_label=&#8220;Bienvenido hotel&#8220; module_id=&#8220;hotel&#8220; _builder_version=&#8220;4.6.5&#8243; _module_preset=&#8220;default&#8220; background_color=&#8220;#f8f8f8&#8243; hover_enabled=&#8220;0&#8243; collapsed=&#8220;off&#8220; global_colors_info=&#8220;{}&#8220; sticky_enabled=&#8220;0&#8243;][et_pb_row _builder_version=&#8220;4.6.5&#8243; _module_preset=&#8220;default&#8220; custom_margin=&#8220;||||false|false&#8220; global_colors_info=&#8220;{}&#8220;][et_pb_column type=&#8220;4_4&#8243; _builder_version=&#8220;4.6.3&#8243; _module_preset=&#8220;default&#8220; global_colors_info=&#8220;{}&#8220;][et_pb_image src=&#8220;https:\/\/canalexandre.com\/wp-content\/uploads\/2020\/09\/Motivo-palmeras-alexandre-verde.png&#8220; title_text=&#8220;Motivo-palmeras-alexandre-verde&#8220; align=&#8220;center&#8220; admin_label=&#8220;Imagen&#8220; _builder_version=&#8220;4.9.7&#8243; _module_preset=&#8220;default&#8220; width=&#8220;15%&#8220; width_tablet=&#8220;50%&#8220; width_phone=&#8220;&#8220; width_last_edited=&#8220;on|tablet&#8220; scroll_fade_tablet=&#8220;&#8220; scroll_fade_phone=&#8220;&#8220; scroll_fade_last_edited=&#8220;on|desktop&#8220; global_colors_info=&#8220;{}&#8220;][\/et_pb_image][\/et_pb_column][\/et_pb_row][et_pb_row column_structure=&#8220;1_5,3_5,1_5&#8243; _builder_version=&#8220;4.9.7&#8243; _module_preset=&#8220;default&#8220; collapsed=&#8220;off&#8220; global_colors_info=&#8220;{}&#8220;][et_pb_column type=&#8220;1_5&#8243; _builder_version=&#8220;4.6.3&#8243; _module_preset=&#8220;default&#8220; global_colors_info=&#8220;{}&#8220;][\/et_pb_column][et_pb_column type=&#8220;3_5&#8243; _builder_version=&#8220;4.6.3&#8243; _module_preset=&#8220;default&#8220; global_colors_info=&#8220;{}&#8220;][et_pb_text _builder_version=&#8220;4.9.7&#8243; _module_preset=&#8220;default&#8220; text_text_color=&#8220;#383838&#8243; header_letter_spacing=&#8220;3px&#8220; header_2_font=&#8220;Josefin Sans|||on|||||&#8220; header_2_text_color=&#8220;#5d6c63&#8243; header_2_font_size=&#8220;32px&#8220; header_2_letter_spacing=&#8220;3px&#8220; header_2_line_height=&#8220;1.2em&#8220; header_3_font=&#8220;Open Sans|||on|||||&#8220; header_3_text_color=&#8220;#383838&#8243; header_3_letter_spacing=&#8220;3px&#8220; header_3_line_height=&#8220;1.2em&#8220; text_orientation=&#8220;center&#8220; hover_enabled=&#8220;0&#8243; global_colors_info=&#8220;{}&#8220; sticky_enabled=&#8220;0&#8243;]<\/p>\n<h2>Doppelzimmer mit Terrasse<\/h2>\n<p>[\/et_pb_text][et_pb_text _builder_version=&#8220;4.9.11&#8243; _module_preset=&#8220;default&#8220; text_font=&#8220;Open Sans|300|||||||&#8220; text_font_size=&#8220;18px&#8220; text_line_height=&#8220;1.9em&#8220; hover_enabled=&#8220;0&#8243; global_colors_info=&#8220;{}&#8220; sticky_enabled=&#8220;0&#8243;]<\/p>\n<div class=\"et_pb_module et_pb_text et_pb_text_3 et_pb_text_align_center et_pb_bg_layout_light\">\n<div class=\"et_pb_text_inner\">\n<p class=\"introduction__paragraph\">Die Doppelzimmer mit Terrasse des Ca n\u2019Alexandre Unterkuft bieten Ihnen einen ganz besonderen Paaraufenthalt in der Altstadt. Sie sind 16 m2 gro\u00df und verf\u00fcgen \u00fcber einen Fernseher, einen Safe, einen Schreibtisch, kostenfreies WLAN, ein eigenes Bad mit Pflegeprodukten und eine Terrasse, auf der Sie sich perfekt in Palma verlieben k\u00f6nnen.<\/p>\n<\/div>\n<\/div>\n<p>[\/et_pb_text][et_pb_button button_url=&#8220;https:\/\/canalexandre.com\/de\/jetzt-buchen\/&#8220; button_text=&#8220;Verf\u00fcgbarkeit pr\u00fcfen&#8220; button_alignment=&#8220;center&#8220; _builder_version=&#8220;4.9.7&#8243; _module_preset=&#8220;default&#8220; custom_button=&#8220;on&#8220; button_text_size=&#8220;16px&#8220; button_text_color=&#8220;#ffffff&#8220; button_bg_color=&#8220;#0f004e&#8220; button_border_color=&#8220;#0f004e&#8220; button_border_radius=&#8220;100px&#8220; global_colors_info=&#8220;{}&#8220;][\/et_pb_button][\/et_pb_column][et_pb_column type=&#8220;1_5&#8243; _builder_version=&#8220;4.6.3&#8243; _module_preset=&#8220;default&#8220; global_colors_info=&#8220;{}&#8220;][\/et_pb_column][\/et_pb_row][\/et_pb_section][et_pb_section fb_built=&#8220;1&#8243; admin_label=&#8220;Servicios hotel&#8220; module_id=&#8220;hotel&#8220; _builder_version=&#8220;4.9.7&#8243; _module_preset=&#8220;default&#8220; background_color=&#8220;#f8f8f8&#8243; saved_tabs=&#8220;all&#8220; collapsed=&#8220;off&#8220; global_colors_info=&#8220;{}&#8220;][et_pb_row column_structure=&#8220;1_5,1_5,1_5,1_5,1_5&#8243; _builder_version=&#8220;4.6.5&#8243; _module_preset=&#8220;default&#8220; custom_margin=&#8220;||||false|false&#8220; global_colors_info=&#8220;{}&#8220;][et_pb_column type=&#8220;1_5&#8243; _builder_version=&#8220;4.6.3&#8243; _module_preset=&#8220;default&#8220; global_colors_info=&#8220;{}&#8220;][et_pb_blurb title=&#8220;Wifi&#8220; image=&#8220;https:\/\/canalexandre.com\/wp-content\/uploads\/2021\/06\/001-internetreloj-canalexandre-palma-mallorca.png&#8220; image_max_width=&#8220;50%&#8220; _builder_version=&#8220;4.9.7&#8243; _module_preset=&#8220;default&#8220; text_orientation=&#8220;center&#8220; global_colors_info=&#8220;{}&#8220;][\/et_pb_blurb][et_pb_blurb title=&#8220;Haartrockner&#8220; image=&#8220;https:\/\/canalexandre.com\/wp-content\/uploads\/2021\/06\/004-secador-de-peloreloj-canalexandre-palma-mallorca.png&#8220; image_max_width=&#8220;50%&#8220; _builder_version=&#8220;4.9.7&#8243; _module_preset=&#8220;default&#8220; text_orientation=&#8220;center&#8220; global_colors_info=&#8220;{}&#8220;][\/et_pb_blurb][\/et_pb_column][et_pb_column type=&#8220;1_5&#8243; _builder_version=&#8220;4.6.3&#8243; _module_preset=&#8220;default&#8220; global_colors_info=&#8220;{}&#8220;][et_pb_blurb title=&#8220;Fernseher&#8220; image=&#8220;https:\/\/canalexandre.com\/wp-content\/uploads\/2021\/06\/002-monitor-de-televisionreloj-canalexandre-palma-mallorca.png&#8220; image_max_width=&#8220;50%&#8220; _builder_version=&#8220;4.9.7&#8243; _module_preset=&#8220;default&#8220; text_orientation=&#8220;center&#8220; global_colors_info=&#8220;{}&#8220;][\/et_pb_blurb][et_pb_blurb title=&#8220;Wiege&#8220; image=&#8220;https:\/\/canalexandre.com\/wp-content\/uploads\/2021\/06\/005-familiareloj-canalexandre-palma-mallorca.png&#8220; image_max_width=&#8220;50%&#8220; _builder_version=&#8220;4.9.7&#8243; _module_preset=&#8220;default&#8220; text_orientation=&#8220;center&#8220; global_colors_info=&#8220;{}&#8220;][\/et_pb_blurb][\/et_pb_column][et_pb_column type=&#8220;1_5&#8243; _builder_version=&#8220;4.6.3&#8243; _module_preset=&#8220;default&#8220; global_colors_info=&#8220;{}&#8220;][et_pb_blurb title=&#8220;Klimaanlage&#8220; image=&#8220;https:\/\/canalexandre.com\/wp-content\/uploads\/2021\/06\/003-aire-acondicionadoreloj-canalexandre-palma-mallorca.png&#8220; image_max_width=&#8220;50%&#8220; _builder_version=&#8220;4.9.7&#8243; _module_preset=&#8220;default&#8220; text_orientation=&#8220;center&#8220; global_colors_info=&#8220;{}&#8220;][\/et_pb_blurb][et_pb_blurb title=&#8220;Zimmersafe&#8220; image=&#8220;https:\/\/canalexandre.com\/wp-content\/uploads\/2021\/06\/007-caja-fuertereloj-canalexandre-palma-mallorca.png&#8220; image_max_width=&#8220;50%&#8220; _builder_version=&#8220;4.9.7&#8243; _module_preset=&#8220;default&#8220; text_orientation=&#8220;center&#8220; global_colors_info=&#8220;{}&#8220;][\/et_pb_blurb][\/et_pb_column][et_pb_column type=&#8220;1_5&#8243; _builder_version=&#8220;4.6.3&#8243; _module_preset=&#8220;default&#8220; global_colors_info=&#8220;{}&#8220;][et_pb_blurb title=&#8220;Kettle&#8220; image=&#8220;https:\/\/canalexandre.com\/wp-content\/uploads\/2021\/06\/kettle-canalexandre-palma-mallorca-1.png&#8220; image_max_width=&#8220;50%&#8220; _builder_version=&#8220;4.9.7&#8243; _module_preset=&#8220;default&#8220; text_orientation=&#8220;center&#8220; global_colors_info=&#8220;{}&#8220;][\/et_pb_blurb][et_pb_blurb title=&#8220;Minibar&#8220; image=&#8220;https:\/\/canalexandre.com\/wp-content\/uploads\/2021\/06\/008-barreloj-canalexandre-palma-mallorca.png&#8220; image_max_width=&#8220;50%&#8220; _builder_version=&#8220;4.9.7&#8243; _module_preset=&#8220;default&#8220; text_orientation=&#8220;center&#8220; global_colors_info=&#8220;{}&#8220;][\/et_pb_blurb][\/et_pb_column][et_pb_column type=&#8220;1_5&#8243; _builder_version=&#8220;4.6.3&#8243; _module_preset=&#8220;default&#8220; global_colors_info=&#8220;{}&#8220;][et_pb_blurb title=&#8220;Dusche&#8220; image=&#8220;https:\/\/canalexandre.com\/wp-content\/uploads\/2021\/06\/006-banoreloj-canalexandre-palma-mallorca.png&#8220; image_max_width=&#8220;50%&#8220; _builder_version=&#8220;4.9.7&#8243; _module_preset=&#8220;default&#8220; text_orientation=&#8220;center&#8220; global_colors_info=&#8220;{}&#8220;][\/et_pb_blurb][et_pb_blurb title=&#8220;Toiletenartikeln&#8220; image=&#8220;https:\/\/canalexandre.com\/wp-content\/uploads\/2021\/06\/009-articulos-de-aseoreloj-canalexandre-palma-mallorca.png&#8220; image_max_width=&#8220;50%&#8220; _builder_version=&#8220;4.9.7&#8243; _module_preset=&#8220;default&#8220; text_orientation=&#8220;center&#8220; global_colors_info=&#8220;{}&#8220;][\/et_pb_blurb][\/et_pb_column][\/et_pb_row][\/et_pb_section][et_pb_section fb_built=&#8220;1&#8243; admin_label=&#8220;Galeria Hotel&#8220; _builder_version=&#8220;4.6.3&#8243; _module_preset=&#8220;default&#8220; background_color=&#8220;#f8f8f8&#8243; collapsed=&#8220;off&#8220; global_colors_info=&#8220;{}&#8220;][et_pb_row _builder_version=&#8220;4.9.7&#8243; _module_preset=&#8220;default&#8220; global_colors_info=&#8220;{}&#8220;][et_pb_column type=&#8220;4_4&#8243; _builder_version=&#8220;4.6.3&#8243; _module_preset=&#8220;default&#8220; global_colors_info=&#8220;{}&#8220;][et_pb_gallery gallery_ids=&#8220;799,797,795,793,791,789,787,785&#8243; posts_number=&#8220;8&#8243; orientation=&#8220;portrait&#8220; show_title_and_caption=&#8220;off&#8220; show_pagination=&#8220;off&#8220; _builder_version=&#8220;4.9.7&#8243; _module_preset=&#8220;default&#8220; global_colors_info=&#8220;{}&#8220;][\/et_pb_gallery][\/et_pb_column][\/et_pb_row][\/et_pb_section][et_pb_section fb_built=&#8220;1&#8243; admin_label=&#8220;Icono Palmera&#8220; _builder_version=&#8220;4.6.3&#8243; _module_preset=&#8220;default&#8220; background_color=&#8220;#f8f8f8&#8243; collapsed=&#8220;on&#8220; global_colors_info=&#8220;{}&#8220;][et_pb_row _builder_version=&#8220;4.6.3&#8243; _module_preset=&#8220;default&#8220; custom_margin=&#8220;||||false|false&#8220; global_colors_info=&#8220;{}&#8220;][et_pb_column type=&#8220;4_4&#8243; _builder_version=&#8220;4.6.3&#8243; _module_preset=&#8220;default&#8220; global_colors_info=&#8220;{}&#8220;][et_pb_image src=&#8220;https:\/\/canalexandre.com\/wp-content\/uploads\/2020\/09\/Motivo-palmeras-alexandre-verde.png&#8220; title_text=&#8220;Motivo-palmeras-alexandre-verde&#8220; align=&#8220;center&#8220; admin_label=&#8220;Imagen&#8220; _builder_version=&#8220;4.6.5&#8243; _module_preset=&#8220;default&#8220; width=&#8220;15%&#8220; width_tablet=&#8220;50%&#8220; width_phone=&#8220;&#8220; width_last_edited=&#8220;on|tablet&#8220; scroll_fade_enable=&#8220;on&#8220; global_colors_info=&#8220;{}&#8220;][\/et_pb_image][\/et_pb_column][\/et_pb_row][\/et_pb_section][et_pb_section fb_built=&#8220;1&#8243; admin_label=&#8220;contacto&#8220; module_id=&#8220;contacto&#8220; _builder_version=&#8220;4.9.7&#8243; _module_preset=&#8220;default&#8220; background_image=&#8220;https:\/\/canalexandre.com\/wp-content\/uploads\/2020\/09\/fondo-palmeras-canalexandre-palma-de-mallorca-verde.png&#8220; parallax=&#8220;on&#8220; width=&#8220;100%&#8220; max_width=&#8220;100%&#8220; saved_tabs=&#8220;all&#8220; collapsed=&#8220;off&#8220; global_colors_info=&#8220;{}&#8220;][et_pb_row _builder_version=&#8220;4.9.7&#8243; _module_preset=&#8220;default&#8220; background_color=&#8220;#ffffff&#8220; custom_padding=&#8220;6%|6%|0px|6%|false|true&#8220; global_colors_info=&#8220;{}&#8220;][et_pb_column type=&#8220;4_4&#8243; _builder_version=&#8220;4.6.3&#8243; _module_preset=&#8220;default&#8220; global_colors_info=&#8220;{}&#8220;][et_pb_text _builder_version=&#8220;4.9.7&#8243; _module_preset=&#8220;default&#8220; text_text_color=&#8220;#383838&#8243; header_letter_spacing=&#8220;3px&#8220; header_2_font=&#8220;Josefin Sans|||on|||||&#8220; header_2_text_align=&#8220;center&#8220; header_2_text_color=&#8220;#5d6c63&#8243; header_2_font_size=&#8220;32px&#8220; header_2_letter_spacing=&#8220;3px&#8220; header_2_line_height=&#8220;1.2em&#8220; header_3_font=&#8220;Open Sans|||on|||||&#8220; header_3_text_align=&#8220;center&#8220; header_3_text_color=&#8220;#383838&#8243; header_3_letter_spacing=&#8220;3px&#8220; header_3_line_height=&#8220;1.2em&#8220; global_colors_info=&#8220;{}&#8220;]<\/p>\n<h3>IM FALL VON FRAGEN<\/h3>\n<p>[\/et_pb_text][\/et_pb_column][\/et_pb_row][et_pb_row column_structure=&#8220;1_3,1_3,1_3&#8243; _builder_version=&#8220;4.9.7&#8243; _module_preset=&#8220;default&#8220; background_color=&#8220;#ffffff&#8220; custom_padding=&#8220;3%|6%|3%|6%|true|true&#8220; global_colors_info=&#8220;{}&#8220;][et_pb_column type=&#8220;1_3&#8243; _builder_version=&#8220;4.6.3&#8243; _module_preset=&#8220;default&#8220; global_colors_info=&#8220;{}&#8220;][et_pb_text _builder_version=&#8220;4.9.11&#8243; _module_preset=&#8220;default&#8220; text_orientation=&#8220;center&#8220; link_option_url=&#8220;https:\/\/g.page\/canalexandrepalma?share&#8220; link_option_url_new_window=&#8220;on&#8220; hover_enabled=&#8220;0&#8243; global_colors_info=&#8220;{}&#8220; sticky_enabled=&#8220;0&#8243;]<\/p>\n<p><strong>Adresse<\/strong><\/p>\n<div class=\"et_pb_blurb_description\">\n<p>Plaza Alexandre Jaume,<br \/>8A Palma<\/p>\n<p><img class=\"wp-image-759 alignnone size-full\" src=\"https:\/\/canalexandre.com\/wp-content\/uploads\/2021\/06\/google-maps.png\" alt=\"\" width=\"35\" height=\"35\" srcset=\"https:\/\/canalexandre.com\/wp-content\/uploads\/2021\/06\/google-maps.png 256w, https:\/\/canalexandre.com\/wp-content\/uploads\/2021\/06\/google-maps-150x150.png 150w\" sizes=\"(max-width: 35px) 100vw, 35px\" \/><\/p>\n<p><a href=\"https:\/\/g.page\/canalexandrepalma?share\" target=\"_blank\" rel=\"noopener\">Google Maps<\/a><\/p>\n<\/div>\n<p>[\/et_pb_text][\/et_pb_column][et_pb_column type=&#8220;1_3&#8243; _builder_version=&#8220;4.6.3&#8243; _module_preset=&#8220;default&#8220; global_colors_info=&#8220;{}&#8220;][et_pb_text _builder_version=&#8220;4.9.7&#8243; _module_preset=&#8220;default&#8220; text_orientation=&#8220;center&#8220; link_option_url=&#8220;https:\/\/g.page\/canalexandrepalma?share&#8220; link_option_url_new_window=&#8220;on&#8220; hover_enabled=&#8220;0&#8243; global_colors_info=&#8220;{}&#8220; sticky_enabled=&#8220;0&#8243;]<\/p>\n<h4 class=\"et_pb_module_header\"><strong>Kontakt<\/strong><\/h4>\n<div class=\"et_pb_blurb_description\">\n<p><a href=\"mailto:info@canalexandre.com\">info@canalexandre.com<\/a><br \/><a href=\"tel:0034971549662\">0034 971 549 662<\/a><\/p>\n<p><a href=\"https:\/\/wa.link\/cbj6yk\" target=\"_blank\" rel=\"noopener\"><img src=\"https:\/\/canalexandre.com\/wp-content\/uploads\/2021\/06\/whatsapp.png\" width=\"35\" height=\"35\" alt=\"\" class=\"wp-image-761 alignnone size-full\" srcset=\"https:\/\/canalexandre.com\/wp-content\/uploads\/2021\/06\/whatsapp.png 256w, https:\/\/canalexandre.com\/wp-content\/uploads\/2021\/06\/whatsapp-150x150.png 150w\" sizes=\"(max-width: 35px) 100vw, 35px\" \/><\/a><\/p>\n<p><a href=\"https:\/\/wa.link\/cbj6yk\" target=\"_blank\" rel=\"noopener noreferrer\"><span>0034 617 369 504<\/span><\/a><\/p>\n<\/div>\n<p>[\/et_pb_text][\/et_pb_column][et_pb_column type=&#8220;1_3&#8243; _builder_version=&#8220;4.6.3&#8243; _module_preset=&#8220;default&#8220; global_colors_info=&#8220;{}&#8220;][et_pb_text _builder_version=&#8220;4.9.11&#8243; _module_preset=&#8220;default&#8220; text_orientation=&#8220;center&#8220; link_option_url=&#8220;https:\/\/g.page\/canalexandrepalma?share&#8220; link_option_url_new_window=&#8220;on&#8220; hover_enabled=&#8220;0&#8243; global_colors_info=&#8220;{}&#8220; sticky_enabled=&#8220;0&#8243;]<\/p>\n<h4 class=\"et_pb_module_header\"><strong>Check-in<\/strong><\/h4>\n<div class=\"et_pb_blurb_description\">\n<p>Check-in: 14:00 &#8211; 00:00<br \/>Check-out: 11:00<\/p>\n<\/div>\n<p>[\/et_pb_text][\/et_pb_column][\/et_pb_row][et_pb_row _builder_version=&#8220;4.9.7&#8243; _module_preset=&#8220;default&#8220; background_color=&#8220;#ffffff&#8220; custom_padding=&#8220;0px|6%|6%|6%|false|true&#8220; global_colors_info=&#8220;{}&#8220;][et_pb_column type=&#8220;4_4&#8243; _builder_version=&#8220;4.6.3&#8243; _module_preset=&#8220;default&#8220; global_colors_info=&#8220;{}&#8220;][et_pb_contact_form email=&#8220;info@canalexandre.com&#8220; _builder_version=&#8220;4.9.7&#8243; _module_preset=&#8220;default&#8220; custom_button=&#8220;on&#8220; button_text_color=&#8220;#ffffff&#8220; button_bg_color=&#8220;#0f004e&#8220; hover_enabled=&#8220;0&#8243; global_colors_info=&#8220;{}&#8220; sticky_enabled=&#8220;0&#8243;][et_pb_contact_field field_id=&#8220;Nombre&#8220; field_title=&#8220;Name*&#8220; _builder_version=&#8220;4.6.3&#8243; global_colors_info=&#8220;{}&#8220; button_text_size__hover_enabled=&#8220;off&#8220; button_one_text_size__hover_enabled=&#8220;off&#8220; button_two_text_size__hover_enabled=&#8220;off&#8220; button_text_color__hover_enabled=&#8220;off&#8220; button_one_text_color__hover_enabled=&#8220;off&#8220; button_two_text_color__hover_enabled=&#8220;off&#8220; button_border_width__hover_enabled=&#8220;off&#8220; button_one_border_width__hover_enabled=&#8220;off&#8220; button_two_border_width__hover_enabled=&#8220;off&#8220; button_border_color__hover_enabled=&#8220;off&#8220; button_one_border_color__hover_enabled=&#8220;off&#8220; button_two_border_color__hover_enabled=&#8220;off&#8220; button_border_radius__hover_enabled=&#8220;off&#8220; button_one_border_radius__hover_enabled=&#8220;off&#8220; button_two_border_radius__hover_enabled=&#8220;off&#8220; button_letter_spacing__hover_enabled=&#8220;off&#8220; button_one_letter_spacing__hover_enabled=&#8220;off&#8220; button_two_letter_spacing__hover_enabled=&#8220;off&#8220; button_bg_color__hover_enabled=&#8220;off&#8220; button_one_bg_color__hover_enabled=&#8220;off&#8220; button_two_bg_color__hover_enabled=&#8220;off&#8220;][\/et_pb_contact_field][et_pb_contact_field field_id=&#8220;Apellidos&#8220; field_title=&#8220;Surname*&#8220; _builder_version=&#8220;4.6.3&#8243; global_colors_info=&#8220;{}&#8220; button_text_size__hover_enabled=&#8220;off&#8220; button_one_text_size__hover_enabled=&#8220;off&#8220; button_two_text_size__hover_enabled=&#8220;off&#8220; button_text_color__hover_enabled=&#8220;off&#8220; button_one_text_color__hover_enabled=&#8220;off&#8220; button_two_text_color__hover_enabled=&#8220;off&#8220; button_border_width__hover_enabled=&#8220;off&#8220; button_one_border_width__hover_enabled=&#8220;off&#8220; button_two_border_width__hover_enabled=&#8220;off&#8220; button_border_color__hover_enabled=&#8220;off&#8220; button_one_border_color__hover_enabled=&#8220;off&#8220; button_two_border_color__hover_enabled=&#8220;off&#8220; button_border_radius__hover_enabled=&#8220;off&#8220; button_one_border_radius__hover_enabled=&#8220;off&#8220; button_two_border_radius__hover_enabled=&#8220;off&#8220; button_letter_spacing__hover_enabled=&#8220;off&#8220; button_one_letter_spacing__hover_enabled=&#8220;off&#8220; button_two_letter_spacing__hover_enabled=&#8220;off&#8220; button_bg_color__hover_enabled=&#8220;off&#8220; button_one_bg_color__hover_enabled=&#8220;off&#8220; button_two_bg_color__hover_enabled=&#8220;off&#8220;][\/et_pb_contact_field][et_pb_contact_field field_id=&#8220;Email&#8220; field_title=&#8220;Email*&#8220; field_type=&#8220;email&#8220; _builder_version=&#8220;4.6.3&#8243; global_colors_info=&#8220;{}&#8220; button_text_size__hover_enabled=&#8220;off&#8220; button_one_text_size__hover_enabled=&#8220;off&#8220; button_two_text_size__hover_enabled=&#8220;off&#8220; button_text_color__hover_enabled=&#8220;off&#8220; button_one_text_color__hover_enabled=&#8220;off&#8220; button_two_text_color__hover_enabled=&#8220;off&#8220; button_border_width__hover_enabled=&#8220;off&#8220; button_one_border_width__hover_enabled=&#8220;off&#8220; button_two_border_width__hover_enabled=&#8220;off&#8220; button_border_color__hover_enabled=&#8220;off&#8220; button_one_border_color__hover_enabled=&#8220;off&#8220; button_two_border_color__hover_enabled=&#8220;off&#8220; button_border_radius__hover_enabled=&#8220;off&#8220; button_one_border_radius__hover_enabled=&#8220;off&#8220; button_two_border_radius__hover_enabled=&#8220;off&#8220; button_letter_spacing__hover_enabled=&#8220;off&#8220; button_one_letter_spacing__hover_enabled=&#8220;off&#8220; button_two_letter_spacing__hover_enabled=&#8220;off&#8220; button_bg_color__hover_enabled=&#8220;off&#8220; button_one_bg_color__hover_enabled=&#8220;off&#8220; button_two_bg_color__hover_enabled=&#8220;off&#8220;][\/et_pb_contact_field][et_pb_contact_field field_id=&#8220;Tel\u00e9fono&#8220; field_title=&#8220;Phone*&#8220; allowed_symbols=&#8220;numbers&#8220; _builder_version=&#8220;4.6.3&#8243; global_colors_info=&#8220;{}&#8220; button_text_size__hover_enabled=&#8220;off&#8220; button_one_text_size__hover_enabled=&#8220;off&#8220; button_two_text_size__hover_enabled=&#8220;off&#8220; button_text_color__hover_enabled=&#8220;off&#8220; button_one_text_color__hover_enabled=&#8220;off&#8220; button_two_text_color__hover_enabled=&#8220;off&#8220; button_border_width__hover_enabled=&#8220;off&#8220; button_one_border_width__hover_enabled=&#8220;off&#8220; button_two_border_width__hover_enabled=&#8220;off&#8220; button_border_color__hover_enabled=&#8220;off&#8220; button_one_border_color__hover_enabled=&#8220;off&#8220; button_two_border_color__hover_enabled=&#8220;off&#8220; button_border_radius__hover_enabled=&#8220;off&#8220; button_one_border_radius__hover_enabled=&#8220;off&#8220; button_two_border_radius__hover_enabled=&#8220;off&#8220; button_letter_spacing__hover_enabled=&#8220;off&#8220; button_one_letter_spacing__hover_enabled=&#8220;off&#8220; button_two_letter_spacing__hover_enabled=&#8220;off&#8220; button_bg_color__hover_enabled=&#8220;off&#8220; button_one_bg_color__hover_enabled=&#8220;off&#8220; button_two_bg_color__hover_enabled=&#8220;off&#8220;][\/et_pb_contact_field][et_pb_contact_field field_id=&#8220;Message&#8220; field_title=&#8220;Text&#8220; field_type=&#8220;text&#8220; required_mark=&#8220;off&#8220; fullwidth_field=&#8220;on&#8220; _builder_version=&#8220;4.6.3&#8243; global_colors_info=&#8220;{}&#8220; button_text_size__hover_enabled=&#8220;off&#8220; button_one_text_size__hover_enabled=&#8220;off&#8220; button_two_text_size__hover_enabled=&#8220;off&#8220; button_text_color__hover_enabled=&#8220;off&#8220; button_one_text_color__hover_enabled=&#8220;off&#8220; button_two_text_color__hover_enabled=&#8220;off&#8220; button_border_width__hover_enabled=&#8220;off&#8220; button_one_border_width__hover_enabled=&#8220;off&#8220; button_two_border_width__hover_enabled=&#8220;off&#8220; button_border_color__hover_enabled=&#8220;off&#8220; button_one_border_color__hover_enabled=&#8220;off&#8220; button_two_border_color__hover_enabled=&#8220;off&#8220; button_border_radius__hover_enabled=&#8220;off&#8220; button_one_border_radius__hover_enabled=&#8220;off&#8220; button_two_border_radius__hover_enabled=&#8220;off&#8220; button_letter_spacing__hover_enabled=&#8220;off&#8220; button_one_letter_spacing__hover_enabled=&#8220;off&#8220; button_two_letter_spacing__hover_enabled=&#8220;off&#8220; button_bg_color__hover_enabled=&#8220;off&#8220; button_one_bg_color__hover_enabled=&#8220;off&#8220; button_two_bg_color__hover_enabled=&#8220;off&#8220;][\/et_pb_contact_field][et_pb_contact_field field_id=&#8220;Aceptaci\u00f3n&#8220; field_title=&#8220;Rechtlicher Hinweis&#8220; field_type=&#8220;checkbox&#8220; checkbox_options=&#8220;%91{%22value%22:%22Ich akzeptiere das%22,%22checked%22:0,%22dragID%22:-1,%22link_url%22:%22\/de\/impressum%22,%22link_text%22:%22Impressum%22}%93&#8243; fullwidth_field=&#8220;on&#8220; _builder_version=&#8220;4.6.3&#8243; _module_preset=&#8220;default&#8220; global_colors_info=&#8220;{}&#8220;][\/et_pb_contact_field][\/et_pb_contact_form][et_pb_text disabled_on=&#8220;on|on|off&#8220; admin_label=&#8220;MOTOR DE RESERVAS&#8220; _builder_version=&#8220;4.9.11&#8243; _module_preset=&#8220;default&#8220; global_colors_info=&#8220;{}&#8220;]<\/p>\n<style type=\"text\/css\" id=\"wp-custom-css\">\n\t\t\t.kw_theme_ligth .kw_book_button {\n    background: #0f004e!important;\n    color: #fff;\n}<\/p>\n<p>.kw_cmessages {\n\tdisplay:none!important;\n}<\/p>\n<p>.kw_theme_ligth.kw_container {\n    background-color: rgba(233, 233, 233, 0.001)!important;\n}<\/p>\n<p>.kw_mini .kw_block__head {\n    font-size: 10px;\n    line-height: 12px;\n}\n.kw_form_discount .kw_block__head {\n    color: #000000;\n}<\/p>\n<p>.kw_theme_ligth .kw_ota_price .kw_block__head {\n    color: #000000!important;\n}<\/p>\n<p>.kw_form_discount .kw_block__head {\n    color: #000000!important;\n}<\/p>\n<p>.kw_ota_price .kw_block__content {\n    color: #000000!important;\n}<\/p>\n<p>.kw_form_icon--flip {\n    display:none!important;\n}<\/p>\n<p>.kw_book input:not([type=radio]):not([type=checkbox]).kw_input.kw_form_discount__input, .kw_book input:not([type=radio]):not([type=checkbox]).kw_input.kw_form_discount__input:focus {\n    height: 20px;\n    border: 0;\n    background: transparent;\n    max-width: 100px;\n    padding: 0 5px;\n    border-bottom: 1 px solid #000000!important;\n    color: #000000!important;\n    box-shadow: none;\n}\t\t<\/p>\n<p>.kw_book input:not([type=radio]):not([type=checkbox]).kw_input.kw_form_discount__input, .kw_book input:not([type=radio]):not([type=checkbox]).kw_input.kw_form_discount__input:focus {\n    height: 20px;\n    border: 0;\n    background: transparent;\n    max-width: 100px;\n    padding: 0 5px;\n    border-bottom: 2px solid #000000!important;\n    color: #000000!important;\n    box-shadow: none;\n}<\/p>\n<p>.kw_book input:not([type=radio]):not([type=checkbox]).kw_input.kw_form_discount__input, .kw_book input:not([type=radio]):not([type=checkbox]).kw_input.kw_form_discount__input:focus {\n    height: 20px;\n    border: 0;\n    background: transparent;\n    max-width: 100px;\n    padding: 0 5px;\n    border-bottom: 2px solid #000000;\n    color: #000000;\n    box-shadow: none;\n}\n<\/style>\n<p><script class=\"kas_online_reception\" src=\"https:\/\/wubook.net\/js\/nebk\/bwidget.jgz\" data-wid=\"ec94c1fd-82bb-4e66-9c27-3916085e0c76\"><\/script> <!-- Define and identify a place where you would like the iframe to appear --> <\/p>\n<div id=\"the_place_where_iframe_will_be_installed\">\u00a0<\/div>\n<p><!-- Finally apply --> <script>\n  var url= 'https:\/\/wubook.net\/neb\/bk?f=tomorrow&n=1&ep=0e0c8c45&jr=%5B%7B%22occupancy%22%3A%7B%22adults%22%3A2%2C%22children%22%3A0%2C%22teens%22%3A0%2C%22babies%22%3A0%7D%7D%5D';\n  var target= '#the_place_where_iframe_will_be_installed';\n  var Neb= new ZakNebIframe(target, url);\n  Neb.render();\n<\/script><\/p>\n<p>[\/et_pb_text][\/et_pb_column][\/et_pb_row][\/et_pb_section]<\/p>\n","protected":false},"excerpt":{"rendered":"<p>Die Doppelzimmer mit Terrasse des Ca n\u2019Alexandre Unterkunft bieten Ihnen einen ganz besonderen Paaraufenthalt in der Altstadt. Doppelzimmer mit Terrasse Die Doppelzimmer mit Terrasse des Ca n\u2019Alexandre Unterkuft bieten Ihnen einen ganz besonderen Paaraufenthalt in der Altstadt. Sie sind 16 m2 gro\u00df und verf\u00fcgen \u00fcber einen Fernseher, einen Safe, einen Schreibtisch, kostenfreies WLAN, ein eigenes [&hellip;]<\/p>\n","protected":false},"author":1,"featured_media":787,"parent":1009,"menu_order":0,"comment_status":"closed","ping_status":"closed","template":"","meta":{"_et_pb_use_builder":"on","_et_pb_old_content":"","_et_gb_content_width":""},"yoast_head":"<!-- This site is optimized with the Yoast SEO plugin v19.2 - https:\/\/yoast.com\/wordpress\/plugins\/seo\/ -->\n<title>Doppelzimmer mit Terrasse | Ca n&#039;Alexandre<\/title>\n<meta name=\"description\" content=\"Die Doppelzimmer mit Terrasse des Ca n\u2019Alexandre Hotels bieten Ihnen einen ganz besonderen Paaraufenthalt in der Altstadt.\" \/>\n<meta name=\"robots\" content=\"index, follow, max-snippet:-1, max-image-preview:large, max-video-preview:-1\" \/>\n<link rel=\"canonical\" href=\"https:\/\/canalexandre.com\/de\/zimmer\/doppelzimmer-mit-terrasse\/\" \/>\n<meta property=\"og:locale\" content=\"de_DE\" \/>\n<meta property=\"og:type\" content=\"article\" \/>\n<meta property=\"og:title\" content=\"Doppelzimmer mit Terrasse | Ca n&#039;Alexandre\" \/>\n<meta property=\"og:description\" content=\"Die Doppelzimmer mit Terrasse des Ca n\u2019Alexandre Hotels bieten Ihnen einen ganz besonderen Paaraufenthalt in der Altstadt.\" \/>\n<meta property=\"og:url\" content=\"https:\/\/canalexandre.com\/de\/zimmer\/doppelzimmer-mit-terrasse\/\" \/>\n<meta property=\"og:site_name\" content=\"Ca n&#039;Alexandre\" \/>\n<meta property=\"article:publisher\" content=\"https:\/\/www.facebook.com\/Ca-nAlexandre-Turismo-de-interior-2118030998273955\/\" \/>\n<meta property=\"article:modified_time\" content=\"2024-11-20T09:29:12+00:00\" \/>\n<meta property=\"og:image\" content=\"https:\/\/canalexandre.com\/wp-content\/uploads\/2021\/06\/habitacion-doble-con-terraza-canalexandre-palma-de-mallorca-2.jpg\" \/>\n\t<meta property=\"og:image:width\" content=\"1920\" \/>\n\t<meta property=\"og:image:height\" content=\"1280\" \/>\n\t<meta property=\"og:image:type\" content=\"image\/jpeg\" \/>\n<meta name=\"author\" content=\"Admin2\" \/>\n<meta name=\"twitter:card\" content=\"summary_large_image\" \/>\n<meta name=\"twitter:label1\" content=\"Gesch\u00e4tzte Lesezeit\" \/>\n\t<meta name=\"twitter:data1\" content=\"13\u00a0Minuten\" \/>\n<script type=\"application\/ld+json\" class=\"yoast-schema-graph\">{\"@context\":\"https:\/\/schema.org\",\"@graph\":[{\"@type\":\"Organization\",\"@id\":\"https:\/\/canalexandre.com\/de\/#organization\",\"name\":\"Ca n'Alexandre\",\"url\":\"https:\/\/canalexandre.com\/de\/\",\"sameAs\":[\"https:\/\/www.instagram.com\/canalexandrepalma\/\",\"https:\/\/www.facebook.com\/Ca-nAlexandre-Turismo-de-interior-2118030998273955\/\"],\"logo\":{\"@type\":\"ImageObject\",\"inLanguage\":\"de\",\"@id\":\"https:\/\/canalexandre.com\/de\/#\/schema\/logo\/image\/\",\"url\":\"https:\/\/canalexandre.com\/wp-content\/uploads\/2020\/09\/logo-canalexandre-palma-de-mallorca.png\",\"contentUrl\":\"https:\/\/canalexandre.com\/wp-content\/uploads\/2020\/09\/logo-canalexandre-palma-de-mallorca.png\",\"width\":500,\"height\":250,\"caption\":\"Ca n'Alexandre\"},\"image\":{\"@id\":\"https:\/\/canalexandre.com\/de\/#\/schema\/logo\/image\/\"}},{\"@type\":\"WebSite\",\"@id\":\"https:\/\/canalexandre.com\/de\/#website\",\"url\":\"https:\/\/canalexandre.com\/de\/\",\"name\":\"Ca n&#039;Alexandre\",\"description\":\"Web Oficial Ca n&#039;Alexandre en Palma de Mallorca\",\"publisher\":{\"@id\":\"https:\/\/canalexandre.com\/de\/#organization\"},\"potentialAction\":[{\"@type\":\"SearchAction\",\"target\":{\"@type\":\"EntryPoint\",\"urlTemplate\":\"https:\/\/canalexandre.com\/de\/?s={search_term_string}\"},\"query-input\":\"required name=search_term_string\"}],\"inLanguage\":\"de\"},{\"@type\":\"ImageObject\",\"inLanguage\":\"de\",\"@id\":\"https:\/\/canalexandre.com\/de\/zimmer\/doppelzimmer-mit-terrasse\/#primaryimage\",\"url\":\"https:\/\/canalexandre.com\/wp-content\/uploads\/2021\/06\/habitacion-doble-con-terraza-canalexandre-palma-de-mallorca-2.jpg\",\"contentUrl\":\"https:\/\/canalexandre.com\/wp-content\/uploads\/2021\/06\/habitacion-doble-con-terraza-canalexandre-palma-de-mallorca-2.jpg\",\"width\":1920,\"height\":1280},{\"@type\":\"WebPage\",\"@id\":\"https:\/\/canalexandre.com\/de\/zimmer\/doppelzimmer-mit-terrasse\/#webpage\",\"url\":\"https:\/\/canalexandre.com\/de\/zimmer\/doppelzimmer-mit-terrasse\/\",\"name\":\"Doppelzimmer mit Terrasse | Ca n'Alexandre\",\"isPartOf\":{\"@id\":\"https:\/\/canalexandre.com\/de\/#website\"},\"primaryImageOfPage\":{\"@id\":\"https:\/\/canalexandre.com\/de\/zimmer\/doppelzimmer-mit-terrasse\/#primaryimage\"},\"datePublished\":\"2021-07-10T18:43:36+00:00\",\"dateModified\":\"2024-11-20T09:29:12+00:00\",\"description\":\"Die Doppelzimmer mit Terrasse des Ca n\u2019Alexandre Hotels bieten Ihnen einen ganz besonderen Paaraufenthalt in der Altstadt.\",\"breadcrumb\":{\"@id\":\"https:\/\/canalexandre.com\/de\/zimmer\/doppelzimmer-mit-terrasse\/#breadcrumb\"},\"inLanguage\":\"de\",\"potentialAction\":[{\"@type\":\"ReadAction\",\"target\":[\"https:\/\/canalexandre.com\/de\/zimmer\/doppelzimmer-mit-terrasse\/\"]}]},{\"@type\":\"BreadcrumbList\",\"@id\":\"https:\/\/canalexandre.com\/de\/zimmer\/doppelzimmer-mit-terrasse\/#breadcrumb\",\"itemListElement\":[{\"@type\":\"ListItem\",\"position\":1,\"name\":\"Portada\",\"item\":\"https:\/\/canalexandre.com\/de\/\"},{\"@type\":\"ListItem\",\"position\":2,\"name\":\"Zimmer\",\"item\":\"https:\/\/canalexandre.com\/de\/zimmer\/\"},{\"@type\":\"ListItem\",\"position\":3,\"name\":\"Doppelzimmer mit Terrasse\"}]}]}<\/script>\n<!-- \/ Yoast SEO plugin. -->","yoast_head_json":{"title":"Doppelzimmer mit Terrasse | Ca n'Alexandre","description":"Die Doppelzimmer mit Terrasse des Ca n\u2019Alexandre Hotels bieten Ihnen einen ganz besonderen Paaraufenthalt in der Altstadt.","robots":{"index":"index","follow":"follow","max-snippet":"max-snippet:-1","max-image-preview":"max-image-preview:large","max-video-preview":"max-video-preview:-1"},"canonical":"https:\/\/canalexandre.com\/de\/zimmer\/doppelzimmer-mit-terrasse\/","og_locale":"de_DE","og_type":"article","og_title":"Doppelzimmer mit Terrasse | Ca n'Alexandre","og_description":"Die Doppelzimmer mit Terrasse des Ca n\u2019Alexandre Hotels bieten Ihnen einen ganz besonderen Paaraufenthalt in der Altstadt.","og_url":"https:\/\/canalexandre.com\/de\/zimmer\/doppelzimmer-mit-terrasse\/","og_site_name":"Ca n&#039;Alexandre","article_publisher":"https:\/\/www.facebook.com\/Ca-nAlexandre-Turismo-de-interior-2118030998273955\/","article_modified_time":"2024-11-20T09:29:12+00:00","og_image":[{"width":1920,"height":1280,"url":"https:\/\/canalexandre.com\/wp-content\/uploads\/2021\/06\/habitacion-doble-con-terraza-canalexandre-palma-de-mallorca-2.jpg","type":"image\/jpeg"}],"author":"Admin2","twitter_card":"summary_large_image","twitter_misc":{"Gesch\u00e4tzte Lesezeit":"13\u00a0Minuten"},"schema":{"@context":"https:\/\/schema.org","@graph":[{"@type":"Organization","@id":"https:\/\/canalexandre.com\/de\/#organization","name":"Ca n'Alexandre","url":"https:\/\/canalexandre.com\/de\/","sameAs":["https:\/\/www.instagram.com\/canalexandrepalma\/","https:\/\/www.facebook.com\/Ca-nAlexandre-Turismo-de-interior-2118030998273955\/"],"logo":{"@type":"ImageObject","inLanguage":"de","@id":"https:\/\/canalexandre.com\/de\/#\/schema\/logo\/image\/","url":"https:\/\/canalexandre.com\/wp-content\/uploads\/2020\/09\/logo-canalexandre-palma-de-mallorca.png","contentUrl":"https:\/\/canalexandre.com\/wp-content\/uploads\/2020\/09\/logo-canalexandre-palma-de-mallorca.png","width":500,"height":250,"caption":"Ca n'Alexandre"},"image":{"@id":"https:\/\/canalexandre.com\/de\/#\/schema\/logo\/image\/"}},{"@type":"WebSite","@id":"https:\/\/canalexandre.com\/de\/#website","url":"https:\/\/canalexandre.com\/de\/","name":"Ca n&#039;Alexandre","description":"Web Oficial Ca n&#039;Alexandre en Palma de Mallorca","publisher":{"@id":"https:\/\/canalexandre.com\/de\/#organization"},"potentialAction":[{"@type":"SearchAction","target":{"@type":"EntryPoint","urlTemplate":"https:\/\/canalexandre.com\/de\/?s={search_term_string}"},"query-input":"required name=search_term_string"}],"inLanguage":"de"},{"@type":"ImageObject","inLanguage":"de","@id":"https:\/\/canalexandre.com\/de\/zimmer\/doppelzimmer-mit-terrasse\/#primaryimage","url":"https:\/\/canalexandre.com\/wp-content\/uploads\/2021\/06\/habitacion-doble-con-terraza-canalexandre-palma-de-mallorca-2.jpg","contentUrl":"https:\/\/canalexandre.com\/wp-content\/uploads\/2021\/06\/habitacion-doble-con-terraza-canalexandre-palma-de-mallorca-2.jpg","width":1920,"height":1280},{"@type":"WebPage","@id":"https:\/\/canalexandre.com\/de\/zimmer\/doppelzimmer-mit-terrasse\/#webpage","url":"https:\/\/canalexandre.com\/de\/zimmer\/doppelzimmer-mit-terrasse\/","name":"Doppelzimmer mit Terrasse | Ca n'Alexandre","isPartOf":{"@id":"https:\/\/canalexandre.com\/de\/#website"},"primaryImageOfPage":{"@id":"https:\/\/canalexandre.com\/de\/zimmer\/doppelzimmer-mit-terrasse\/#primaryimage"},"datePublished":"2021-07-10T18:43:36+00:00","dateModified":"2024-11-20T09:29:12+00:00","description":"Die Doppelzimmer mit Terrasse des Ca n\u2019Alexandre Hotels bieten Ihnen einen ganz besonderen Paaraufenthalt in der Altstadt.","breadcrumb":{"@id":"https:\/\/canalexandre.com\/de\/zimmer\/doppelzimmer-mit-terrasse\/#breadcrumb"},"inLanguage":"de","potentialAction":[{"@type":"ReadAction","target":["https:\/\/canalexandre.com\/de\/zimmer\/doppelzimmer-mit-terrasse\/"]}]},{"@type":"BreadcrumbList","@id":"https:\/\/canalexandre.com\/de\/zimmer\/doppelzimmer-mit-terrasse\/#breadcrumb","itemListElement":[{"@type":"ListItem","position":1,"name":"Portada","item":"https:\/\/canalexandre.com\/de\/"},{"@type":"ListItem","position":2,"name":"Zimmer","item":"https:\/\/canalexandre.com\/de\/zimmer\/"},{"@type":"ListItem","position":3,"name":"Doppelzimmer mit Terrasse"}]}]}},"_links":{"self":[{"href":"https:\/\/canalexandre.com\/de\/wp-json\/wp\/v2\/pages\/997"}],"collection":[{"href":"https:\/\/canalexandre.com\/de\/wp-json\/wp\/v2\/pages"}],"about":[{"href":"https:\/\/canalexandre.com\/de\/wp-json\/wp\/v2\/types\/page"}],"author":[{"embeddable":true,"href":"https:\/\/canalexandre.com\/de\/wp-json\/wp\/v2\/users\/1"}],"replies":[{"embeddable":true,"href":"https:\/\/canalexandre.com\/de\/wp-json\/wp\/v2\/comments?post=997"}],"version-history":[{"count":6,"href":"https:\/\/canalexandre.com\/de\/wp-json\/wp\/v2\/pages\/997\/revisions"}],"predecessor-version":[{"id":1522,"href":"https:\/\/canalexandre.com\/de\/wp-json\/wp\/v2\/pages\/997\/revisions\/1522"}],"up":[{"embeddable":true,"href":"https:\/\/canalexandre.com\/de\/wp-json\/wp\/v2\/pages\/1009"}],"wp:featuredmedia":[{"embeddable":true,"href":"https:\/\/canalexandre.com\/de\/wp-json\/wp\/v2\/media\/787"}],"wp:attachment":[{"href":"https:\/\/canalexandre.com\/de\/wp-json\/wp\/v2\/media?parent=997"}],"curies":[{"name":"wp","href":"https:\/\/api.w.org\/{rel}","templated":true}]}}